{"id":713,"date":"2026-07-17T20:47:37","date_gmt":"2026-07-17T18:47:37","guid":{"rendered":"https:\/\/bosnische-schule.org\/?page_id=713"},"modified":"2026-07-19T13:03:48","modified_gmt":"2026-07-19T11:03:48","slug":"zbirka-tema-i-materijala-za-nastavu","status":"publish","type":"page","link":"https:\/\/bosnische-schule.org\/?page_id=713&lang=bs","title":{"rendered":"Zbirka tema i materijala za nastavu"},"content":{"rendered":"<p>Dragi posjetioci stranice Bosanske \u0161kole Minhen,<\/p>\n<p>u prilogu vam donosimo interne materijale na\u0161ih nastavnika. Pred vama su<br \/>\nprimjeri tema i ideja koje su realizirane u na\u0161im odjeljenjima i koje su dio<br \/>\nna\u0161e prve slu\u017ebene zbirke.<\/p>\n<p>Nastavni materijali su metodi\u010dki i didakti\u010dki prilagodljivi u svim aspektima,<br \/>\npru\u017eaju nastavnicima mogu\u0107nost jednostavne primjene i koncipirani su tako da<br \/>\nmogu biti realizirani u heterogenim grupama.<\/p>\n<p>Kroz teme iz jezika i moje okoline, preko kreativnih aktivnosti, pa sve do<br \/>\nsadr\u017eaja koji promovi\u0161u na\u0161u kulturnu ba\u0161tinu, u\u010denicima pru\u017eamo mogu\u0107nost da<br \/>\nobogate i unaprijede svoje znanje maternjeg jezika u razli\u010ditim podru\u010djima.<\/p>\n<p>Za vi\u0161e detalja iz u\u010dionica zapratite nas na na\u0161oj slu\u017ebenoj Facebook stranici.<\/p>\n<hr \/>\n<h2>Od ideje do \u010dasa<\/h2>\n<h3>Zbirka tema i ideja za nastavu na maternjem jeziku<\/h3>\n<ul>\n<li><a href=\"https:\/\/bosnische-schule.org\/wp-content\/uploads\/2026\/07\/Gastarbajteri-u-nasem-jeziku.pdf\"><strong>Gastarbajteri u na\u0161em jeziku<\/strong><\/a> \u2013 Jasmina Udvin\u010di\u0107<br \/>\n<strong>\u2013 dostupno<\/strong><\/li>\n<li><a href=\"https:\/\/bosnische-schule.org\/wp-content\/uploads\/2026\/07\/tema_8_Selma-Fadzan_Mjesto-odakle-poticu-moji-roditelji_juni.pdf\"><strong>Mjesto odakle poti\u010du moji roditelji<\/strong><\/a> \u2013 Selma Fad\u017ean<br \/>\n<strong>\u2013 dostupno<\/strong><\/li>\n<li><a href=\"https:\/\/bosnische-schule.org\/wp-content\/uploads\/2026\/07\/tema_20_Melisa-P.-Srebrovic_Mali-novinari_juni.pdf\"><strong>Mali novinari<\/strong><\/a> \u2013 Melisa Pervi\u0107-Srebrovi\u0107<br \/>\n<strong>\u2013 dostupno<\/strong><\/li>\n<li><strong>\u010cudesni puding<\/strong> \u2013 Irma \u0160ari\u0107 Kadi\u0107<\/li>\n<li><strong>Lilium bosniacum<\/strong> \u2013 Irma \u0160ari\u0107 Kadi\u0107<\/li>\n<li><strong>Plavi leptir<\/strong> \u2013 Irma \u0160ari\u0107 Kadi\u0107<\/li>\n<li><strong>Bosnoljubac<\/strong> \u2013 Irma \u0160ari\u0107 Kadi\u0107<\/li>\n<li><strong>Gelim, kilim, \u0107ilim<\/strong> \u2013 Irma \u0160ari\u0107 Kadi\u0107<\/li>\n<li><strong>Bosanski trka\u010di<\/strong> \u2013 Irma \u0160ari\u0107 Kadi\u0107<\/li>\n<li><strong>U bojama sljeza sniva \u0106opi\u0107eva pri\u010da<\/strong> \u2013<br \/>\nIrma \u0160ari\u0107 Kadi\u0107 i Nejra Kadi\u0107<\/li>\n<li><strong>Svako slovo ne\u0161to novo<\/strong> \u2013 Selma Fad\u017ean<\/li>\n<li><strong>Drugo lice iste pri\u010de<\/strong> \u2013 Selma Fad\u017ean<\/li>\n<li><strong>Proljetnice<\/strong> \u2013 Selma Fad\u017ean<\/li>\n<li><strong>\u0160apat bosan\u010dice<\/strong> \u2013 Nejra Kadi\u0107<\/li>\n<li><strong>Sitna razlika<\/strong> \u2013 Nejra Kadi\u0107<\/li>\n<li><strong>Kad prolje\u0107e pri\u010da bosanski<\/strong> \u2013 Nejra Kadi\u0107<\/li>\n<li><strong>Moja zemlja ispisana velikim i malim slovima<\/strong> \u2013<br \/>\nNejra Kadi\u0107<\/li>\n<li><strong>Svijet u nama<\/strong> \u2013 Melisa Pervi\u0107-Srebrovi\u0107<\/li>\n<li><strong>Najsla\u0111i zalogaji BiH<\/strong> \u2013 Melisa Pervi\u0107-Srebrovi\u0107<\/li>\n<li><strong>Mudrosti u par rije\u010di<\/strong> \u2013 Melisa Pervi\u0107-Srebrovi\u0107<\/li>\n<li><strong>Ko je pramenka i \u0161ta radi tornjak?<\/strong> \u2013<br \/>\nMelisa Pervi\u0107-Srebrovi\u0107<\/li>\n<li><strong>Ru\u017ee BiH<\/strong> \u2013 Melisa Pervi\u0107-Srebrovi\u0107<\/li>\n<li><strong>Garo i njegova tre\u0161nja<\/strong> \u2013 Selma Kuzma<\/li>\n<li><strong>Digrami lj i nj<\/strong> \u2013 Selma Kuzma<\/li>\n<li><strong>Pro\u0161lost, sada\u0161njost, budu\u0107nost<\/strong> \u2013 Selma Kuzma<\/li>\n<li><strong>Vezeni most<\/strong> \u2013 Selma Kuzma<\/li>\n<li><strong>Turske rije\u010di, a na\u0161a posla<\/strong> \u2013 Jasmina Udvin\u010di\u0107<\/li>\n<li><strong>Na\u0161 superlativ<\/strong> \u2013 Irma \u0160ari\u0107 Kadi\u0107 i Selma Fad\u017ean<\/li>\n<li><strong>Begova \u010dorba<\/strong> \u2013<br \/>\nIrma \u0160ari\u0107 Kadi\u0107 i Melisa Pervi\u0107-Srebrovi\u0107<\/li>\n<li><strong>Bosanski memori<\/strong> \u2013 Irma \u0160ari\u0107 Kadi\u0107 i Nejra Kadi\u0107<\/li>\n<\/ul>\n<h3>Teme u izradi<\/h3>\n<ul>\n<li>Brzalice<\/li>\n<li>Turisti\u010dka agencija na\u0161e \u0161kole<\/li>\n<li>Sebilj<\/li>\n<li>Mujo i Haso<\/li>\n<li>Isti par \u010darapa<\/li>\n<li>Jedna jedina<\/li>\n<li>Jezi\u010dna radionica<\/li>\n<\/ul>\n","protected":false},"excerpt":{"rendered":"<p>Dragi posjetioci stranice Bosanske \u0161kole Minhen, u prilogu vam donosimo interne materijale na\u0161ih nastavnika. Pred vama su primjeri tema i ideja koje su realizirane u na\u0161im odjeljenjima i koje su dio na\u0161e prve slu\u017ebene zbirke. Nastavni materijali su metodi\u010dki i didakti\u010dki prilagodljivi u svim aspektima, pru\u017eaju nastavnicima mogu\u0107nost jednostavne primjene i koncipirani su tako da<\/p>\n<div class=\"read-more\"><a href=\"https:\/\/bosnische-schule.org\/?page_id=713&#038;lang=bs\" title=\"Read More\">Read More<\/a><\/div>\n","protected":false},"author":1,"featured_media":0,"parent":0,"menu_order":0,"comment_status":"closed","ping_status":"closed","template":"","meta":{"footnotes":""},"class_list":["post-713","page","type-page","status-publish"],"_links":{"self":[{"href":"https:\/\/bosnische-schule.org\/index.php?rest_route=\/wp\/v2\/pages\/713","targetHints":{"allow":["GET"]}}],"collection":[{"href":"https:\/\/bosnische-schule.org\/index.php?rest_route=\/wp\/v2\/pages"}],"about":[{"href":"https:\/\/bosnische-schule.org\/index.php?rest_route=\/wp\/v2\/types\/page"}],"author":[{"embeddable":true,"href":"https:\/\/bosnische-schule.org\/index.php?rest_route=\/wp\/v2\/users\/1"}],"replies":[{"embeddable":true,"href":"https:\/\/bosnische-schule.org\/index.php?rest_route=%2Fwp%2Fv2%2Fcomments&post=713"}],"version-history":[{"count":4,"href":"https:\/\/bosnische-schule.org\/index.php?rest_route=\/wp\/v2\/pages\/713\/revisions"}],"predecessor-version":[{"id":723,"href":"https:\/\/bosnische-schule.org\/index.php?rest_route=\/wp\/v2\/pages\/713\/revisions\/723"}],"wp:attachment":[{"href":"https:\/\/bosnische-schule.org\/index.php?rest_route=%2Fwp%2Fv2%2Fmedia&parent=713"}],"curies":[{"name":"wp","href":"https:\/\/api.w.org\/{rel}","templated":true}]}}